{"id":107,"date":"2012-11-05T21:41:16","date_gmt":"2012-11-05T20:41:16","guid":{"rendered":"http:\/\/www.pousse-poussette.fr\/?page_id=107"},"modified":"2016-03-22T09:48:52","modified_gmt":"2016-03-22T08:48:52","slug":"le-gestionnaire-le-projet-de-letalissement","status":"publish","type":"page","link":"https:\/\/www.pousse-poussette.fr\/?page_id=107","title":{"rendered":"Le gestionnaire, le projet d&rsquo;Etablissement"},"content":{"rendered":"<h3><span style=\"color: #800000;\"><span style=\"text-decoration: underline;\"><strong><span style=\"text-decoration: underline;\"><span style=\"text-decoration: underline;\">LE<\/span><\/span><\/strong><\/span><span style=\"text-decoration: underline;\"><strong><span style=\"text-decoration: underline;\"><span style=\"text-decoration: underline;\"> GESTIONNAIRE<\/span><\/span><\/strong><\/span><\/span><\/h3>\n<p style=\"text-align: justify;\"><em><span style=\"color: #666699;\">Pousse-Poussette est g\u00e9r\u00e9e par une Association de Loi 1901\u00a0 cr\u00e9\u00e9e en 1987.\u00a0Depuis cette date, l&rsquo;Association a sollicit\u00e9 et obtenu 4 fois, aupr\u00e8s de la DVIS, des changements d&rsquo;agr\u00e9ments afin de r\u00e9pondre au mieux \u00e0 l&rsquo;\u00e9volution des besoins des familles.<br \/>\nToujours soucieuse d&rsquo;\u00eatre en \u00e9change d&rsquo;informations pour le bien-\u00eatre des enfants et des familles, l&rsquo;Association Pousse-Poussette est en lien depuis 1991 avec L&rsquo;Association des Educateurs et des Jeunes Enfants des Vosges (AEJEV).\u00a0Elle est \u00e9galement rattach\u00e9e \u00e0 la F\u00e9d\u00e9ration Vosgienne des Structures d&rsquo;Accueil Associatives de la Petite Enfance depuis la cr\u00e9ation de celle-ci en 2007.<\/span><\/em><\/p>\n<p style=\"text-align: justify;\"><span style=\"color: #666699;\">Le fonctionnement associatif du Multi-accueil permet aux parents qui le d\u00e9sirent de participer \u00e0 la gestion de la structure et ainsi se sentir acteurs du lieu de vie dans lequel \u00e9volue leur enfant. Toutefois, ils sont libres de ne pas avoir cette disponibilit\u00e9, mais peuvent assister \u00e0 l&rsquo;Assembl\u00e9e G\u00e9n\u00e9rale. Ils peuvent ainsi se sentir int\u00e9gr\u00e9s \u00e0 la vie du Multi-accueil et \u00eatre mis au courant des objectifs et des projets. Le d\u00e9part de l&rsquo;enfant de la structure n&rsquo;entra\u00eene pas forc\u00e9ment le d\u00e9part de ses\/son parent(s) de l&rsquo;Association.<\/span><\/p>\n<p style=\"text-align: center;\"><span style=\"text-decoration: underline;\"><strong style=\"color: #c16d66; text-decoration: underline;\">L\u2019ACCUEIL PROPOSE<\/strong><\/span><\/p>\n<table border=\"2\" width=\"150\" cellspacing=\"1\" cellpadding=\"1\">\n<tbody>\n<tr>\n<td width=\"50\"><span style=\"color: #666699;\"><strong>Nombres de places<\/strong><\/span><\/td>\n<td colspan=\"2\" width=\"100\"><span style=\"color: #666699;\">\u00a0 \u00a0 \u00a0 \u00a0 \u00a0 \u00a0 \u00a0 \u00a0 \u00a0 \u00a0 \u00a0 \u00a0 \u00a0 \u00a0 \u00a0 \u00a0 \u00a0 <strong>\u00a0 \u00a025<\/strong><\/span><\/td>\n<\/tr>\n<tr>\n<td rowspan=\"2\" width=\"50\"><span style=\"color: #666699;\"><strong>Age des enfants accueillis<\/strong><\/span><\/td>\n<td valign=\"center\" width=\"30\"><span style=\"color: #666699;\">\u00a0 \u00a0 \u00a0 \u00a0 \u00a0 Age minimum<\/span><\/td>\n<td valign=\"center\" width=\"70\"><span style=\"color: #666699;\">10 semaines<\/span><\/td>\n<\/tr>\n<tr>\n<td align=\"center\" width=\"30\"><span style=\"color: #666699;\">Age maximum<\/span><\/td>\n<td width=\"70\"><span style=\"color: #666699;\">\u00a06 ans<\/span><\/td>\n<\/tr>\n<tr>\n<td width=\"50\"><span style=\"color: #666699;\"><strong>Formules d\u2019accueil propos\u00e9es<\/strong><\/span><\/td>\n<td colspan=\"2\" valign=\"center\" width=\"100\"><span style=\"color: #333399;\">Nous accueillons les enfants de quelques heures par semaine sur une demi journ\u00e9e au temps complet 5 jours sur 5. \u00a0Entre ces 2 extr\u00eames, le service rendu se d\u00e9cline de multiples mani\u00e8res,\u00a0au plus pr\u00e8s des besoins des familles.<\/span><\/td>\n<\/tr>\n<tr>\n<td width=\"50\"><span style=\"color: #666699;\"><strong>Jours et horaires d\u2019ouverture<\/strong><\/span><\/td>\n<td colspan=\"2\" width=\"100\"><span style=\"color: #666699;\">Du lundi au vendredi de 7 h15 \u00e0 18 h30<\/span><\/td>\n<\/tr>\n<tr>\n<td width=\"50\"><span style=\"color: #666699;\"><strong>P\u00e9riodes de fermeture<\/strong><\/span><\/td>\n<td colspan=\"2\" width=\"100\"><span style=\"color: #666699;\"><em>&#8211;<\/em>\u00a0<strong>cong\u00e9s annuels <\/strong>4 semaines en \u00e9t\u00e9 et 1 semaine en hiver (entre No\u00ebl et Nouvel An)<\/span><br \/>\n<span style=\"color: #666699;\"> &#8211;<strong>\u00a0de 2 \u00e0 5 jours pendant les vacances scolaires de printemps<\/strong> (date fix\u00e9e annuellement \u00e0 l\u2019\u00e9tablissement des contrats d\u2019accueil individuels)<\/span><br \/>\n<span style=\"color: #666699;\"> &#8211; <strong>tous les jours f\u00e9ri\u00e9s<\/strong> y compris le lundi de Pentec\u00f4te.<\/span><\/td>\n<\/tr>\n<\/tbody>\n<\/table>\n<h3><\/h3>\n<p>&nbsp;<\/p>\n<h3><strong style=\"color: #800000; text-decoration: underline;\">PRESENTATION DU PROJET D\u2019ETABLISSEMENT<\/strong><\/h3>\n<div>\n<h6 style=\"text-align: center;\"><\/h6>\n<h6 style=\"text-align: center;\"><strong><span style=\"color: #c16d66;\">PHRASES \u00ab\u00a0MIROIR\u00a0\u00bb DE NOTRE PEDAGOGIE<\/span><\/strong><\/h6>\n<p><strong>M. Montessori\u00a0: <\/strong>\u00ab\u00a0aide-moi \u00e0 <span style=\"color: #808080;\">agir<\/span> seul, ne fais pas \u00e0 ma place, mais ne sois pas absent\u00a0\u00bb<br \/>\n<strong>Winnicott\u00a0: <\/strong>\u00ab\u00a0c\u2019est en se sentant en s\u00e9curit\u00e9 affectivement, qu\u2019une personne peut avoir la capacit\u00e9 \u00e0 \u00eatre seule et peut s\u2019investir dans la relation sociales\u00a0\u00bb<br \/>\n<strong>Aristow Journoud\u00a0:<\/strong> \u00ab\u00a0Le rythme, c\u2019est la vie, l\u2019\u00e9quilibre et l\u2019harmonie\u00a0\u00bb<br \/>\n<strong>Herv\u00e9 Serieyx\u00a0: <\/strong>\u00ab\u00a0Dans un monde o\u00f9 l\u2019on a de moins en moins de certitudes, il faut veiller \u00e0 conserver quelques convictions et \u00e0 ne pas tricher avec elles\u00a0\u00bb.<\/p>\n<h6 style=\"text-align: center;\"><\/h6>\n<h6 style=\"text-align: center;\"><span style=\"color: #c16d66;\"><strong>PROJET EDUCATIF<\/strong> :<\/span> <span style=\"color: #888888;\">notre logo illustre les points importants de nos objectifs (voir la plaquette de pr\u00e9sentation)<\/span><\/h6>\n<p style=\"text-align: center;\"><em>Tisser des liens autour de l\u2019Enfant et de sa famille pour s\u00e9curiser.<br \/>\n<\/em><em>Tout au long de la p\u00e9riode o\u00f9 les parents nous confient leurs enfants,<br \/>\n<\/em><em>nous ne perdons jamais de vue l\u2019objectif final qui est de les pr\u00e9parer \u00e0 leur avenir.<br \/>\n<\/em><em>En travaillant <span style=\"text-decoration: underline;\">au pr\u00e9sent<\/span> sur la qualit\u00e9 de l\u2019accueil de l\u2019Enfant nous pensons <span style=\"text-decoration: underline;\">\u00e0 l\u2019avenir<\/span>.<\/em><\/p>\n<p>&#8211; Accompagnement de la famille dans son r\u00f4le d&rsquo;\u00e9ducation (accueil, \u00e9changes),<br \/>\n&#8211; Bien-\u00eatre de l\u2019enfant\u00a0: S\u00e9curisation, Pr\u00e9vention, Harmonie.<br \/>\n&#8211; Eveil global de l&rsquo;Enfant\u00a0: accompagnement \u00e0 l\u2019autonomie\/ Socialisation \/ Acquisitions\u00a0 motrices, sensorielles, affectives, intellectuelles, langagi\u00e8res.<\/p>\n<p>&nbsp;<\/p>\n<\/div>\n<h6 style=\"text-align: center;\"><strong style=\"color: #c16d66;\">1 ACCUEIL SUR MESURE<\/strong><\/h6>\n<p><strong>1 fonctionnement associatif<\/strong> permet de donner \u00e0 chaque famille qui le d\u00e9sire une r\u00e9elle place au sein du Multi-accueil et\u00a0 renforce les liens entre les parents et la structure au b\u00e9n\u00e9fice de l&rsquo;Enfant,<br \/>\n<strong>1 Agr\u00e9ment de 25 places\u00a0:<\/strong> la petite taille de la structure en fait une une micro-soci\u00e9t\u00e9 qui pr\u00e9serve la qualit\u00e9 de la relation pr\u00e9pare en douceur \u00e0 l&rsquo;entr\u00e9e dans\u00a0La Soci\u00e9t\u00e9.<br \/>\n<strong>1 Groupe Vertical\u00a0:<\/strong> des enfants de 10 semaines \u00e0 4 ans voire 6 ans\u00a0 sont accueillis ensemble et partagent un m\u00eame lieu de vie.<br \/>\n&#8211; pr\u00e9serve les liens familiaux (plusieurs enfants d&rsquo;une m\u00eame famille peuvent \u00eatre accueillis) stimule et motive les plus petits<br \/>\n&#8211; responsabilise les plus grands et les valorise dans leur position d&rsquo;a\u00een\u00e9s<br \/>\n&#8211; accueilli sur le long terme chaque enfant peut s\u2019y sentir reconnu et diff\u00e9rent. L\u2019entraide s\u2019y apprend spontan\u00e9ment.<br \/>\n&#8211; Pour permettre \u00e0 ce petit groupe de fonctionner et r\u00e9pondre aux besoins de chacun, l\u2019adulte doit d\u00e9velopper une capacit\u00e9 d\u2019observation sensible et apprend \u00e0 travailler \u00e9troitement en \u00e9quipe.<\/p>\n<p>&nbsp;<\/p>\n<h6 style=\"text-align: center;\"><strong style=\"color: #c16d66;\">DES ACTIONS SPECIFIQUES<\/strong><\/h6>\n<p><strong><span style=\"color: #c16d66;\">1 Accueil d&rsquo;enfants porteurs de handicap ou en difficult\u00e9\u00a0en milieu social ordinaire.<\/span><br \/>\n<\/strong><em>Cette action prend appui sur la petite taille de la structure et la sp\u00e9cificit\u00e9 du groupe vertical .<\/em><\/p>\n<p><strong>L\u2019accueil de ces enfants va pouvoir s\u2019effectuer en 3 points \u00a0:<\/strong><\/p>\n<p>&#8211; un travail de r\u00e9flexion et d\u2019\u00e9changes avec <span style=\"text-decoration: underline;\">les parents<\/span>,\u00a0afin d\u2019assurer le meilleur\u00a0 accompagnement possible.<\/p>\n<p>&#8211; un travail de collaboration entre <span style=\"text-decoration: underline;\">l\u2019\u00e9quipe, les sp\u00e9cialistes m\u00e9dicaux ou param\u00e9dicaux<\/span>\u00a0\u00a0\u00a0\u00a0\u00a0 qui entourent l\u2019enfant et sa famille,<\/p>\n<p>&#8211; un travail d\u2019accompagnement direct de\u00a0 <span style=\"text-decoration: underline;\">l\u2019enfant<\/span><\/p>\n<p><strong>Accueillir des enfants pr\u00e9sentant un handicap\u00a0le plus t\u00f4t possible au sein de la microsoci\u00e9t\u00e9\u00a0 qu\u2019est le Multi-accueil\u00a0:<\/strong><\/p>\n<p>&#8211; leur donne du temps pour pouvoir progresser\u00a0par \u00abva et vient\u00a0\u00bb, par processus d\u2019imitation et de se voir confirm\u00e9s \u00e0 leur rythme dans leurs acquis.<\/p>\n<p>&#8211; leur permet d\u2019approcher les r\u00e8gles de vie qui sont n\u00e9cessaires \u00e0 la s\u00e9curit\u00e9 de l\u2019individu au sein d\u2019un groupe.<\/p>\n<p>&#8211; favorise leur int\u00e9gration en douceur dans la Soci\u00e9t\u00e9,<\/p>\n<p><strong>Accueillir des enfants en situation de handicap\u00a0: c\u2019est un atout pour tous, puisque cette action\u00a0:<\/strong><\/p>\n<p>&#8211; permet aux <span style=\"text-decoration: underline;\">autres enfants<\/span> d\u2019accepter la diff\u00e9rence, d\u2019acc\u00e9der \u00e0 la tol\u00e9rance et d\u2019\u00eatre capable de s\u2019ouvrir aux autres, ce qu\u2019ils continueront \u00e0 faire en suite naturellement.<\/p>\n<p>&#8211; conduit <span style=\"text-decoration: underline;\">l\u2019\u00e9quipe p\u00e9dagogique<\/span> \u00e0 se remettre en question, \u00e0 rechercher, \u00e0 partager l\u2019information \u00e0 s\u2019int\u00e9resser \u00e0 la formation et \u00e0 s\u2019ouvrir \u00e0 d\u2019autres professionnels.<\/p>\n<p>&#8211; accorde \u00e0 <span style=\"text-decoration: underline;\">leurs parents<\/span> du temps pour\u00a0 pr\u00e9parer l\u2019 avenir.<\/p>\n<p><span style=\"color: #c16d66;\"><strong>1 action passerelle avec l&rsquo;Ecole Maternelle Durkheim :<\/strong><\/span><\/p>\n<p><em>L&rsquo;ann\u00e9e pr\u00e9c\u00e9dant l&rsquo;entr\u00e9e \u00e0 l&rsquo;\u00e9cole, des rencontres r\u00e9guli\u00e8res\u00a0:\u00a0<\/em><\/p>\n<p>&#8211; <strong>BUT<\/strong> : donner les moyens \u00e0 l&rsquo;enfant d&rsquo;avoir une perception concr\u00e8te des mots \u00ab\u00a0aller \u00e0 l&rsquo;\u00e9cole\u00a0\u00bb.<\/p>\n<p>&#8211; <strong>MOYENS<\/strong> : tisser un r\u00e9seau de rep\u00e8res qui faciliteront son adaptation dans la vie scolaire, d&rsquo;abord au sein m\u00eame du multi-accueil, ensuite par le biais de rencontres r\u00e9guli\u00e8res entre les 2 structures.<\/p>\n<p><strong><span style=\"color: #cc0000;\"><span style=\"font-family: 'Times New Roman', serif;\"><span style=\"font-family: 'Trebuchet MS', sans-serif;\"><span style=\"font-size: medium;\">1 accueil passerelle avec l&rsquo;\u00e9cole les mercredis<\/span><\/span><\/span><\/span><\/strong><\/p>\n<p><em>Au moment d&rsquo;entrer \u00e0 l&rsquo;\u00e9cole, un accueil \u00e0 mi-temps scolaire :<\/em><\/p>\n<p>&#8211; <strong>BUT<\/strong> : favoriser l&rsquo;adaptation progressive \u00e0 l&rsquo;\u00e9cole.<\/p>\n<p>&#8211; <strong>MOYENS<\/strong> : la rentr\u00e9e scolaire faite, l&rsquo;enfant est accueilli \u00e0 l&rsquo;\u00e9cole le matin. Les parents peuvent l&rsquo;amener \u00e0 la cr\u00e8che pour qu&rsquo;il y mange et y passe l&rsquo;apr\u00e8s-midi, ceci dans le but d&rsquo;une adaptation progressive \u00e0 l&rsquo;\u00e9cole. L&rsquo;enfant retrouve un lieu, des adultes, d&rsquo;autres enfants connus. Le matin, il peut ainsi consacrer toute son \u00e9nergie \u00e0 une adaptation harmonieuse \u00e0 la vie scolaire.<\/p>\n<p><span style=\"color: #c16d66;\"><strong>1 accueil possible pour les 3-6 ans, les mercredis apr\u00e8s-midi et vacances scolaires,\u00a0<\/strong><\/span><\/p>\n<p>&#8211; <strong>BUT<\/strong> : permettre \u00e0 l&rsquo;enfant d&rsquo;aborder le monde scolaire en confiance et de recevoir sereinement les enseignements que l&rsquo;\u00e9cole lui apporte en assurant la permanence\u00a0 de l&rsquo;accueil hors des vacances scolaires, selon les besoins de la famille.<\/p>\n<p>&#8211; <strong>MOYENS<\/strong> : au Multi-accueil, l&rsquo;\u00e9quipe alterne la prise en charge des enfants en groupe vertical, au b\u00e9n\u00e9fice de tous, et l&rsquo;organisation d&rsquo;activit\u00e9s et de sorties sp\u00e9cifiquement r\u00e9serv\u00e9es aux plus grands.<\/p>\n<p>&nbsp;<\/p>\n<h6 style=\"text-align: center;\"><strong><span style=\"color: #c16d66;\">ACTIVITES PROPOSEES<\/span><\/strong><\/h6>\n<p><span style=\"color: #c16d66;\"><strong><span style=\"text-decoration: underline;\">Les activit\u00e9s de vie quotidienne<\/span><\/strong>\u00a0:<\/span> Elles permettent \u00e0 l\u2019enfant de\u00a0 savoir se d\u00e9brouiller pour manger, aller dormir, \u00eatre propre, vivre harmonieusement au milieu des autres&#8230; Nous accordons une vigilance\u00a0 particuli\u00e8re \u00e0 ces moments. En effet, les activit\u00e9s de vie quotidienne\u00a0 sont li\u00e9es aux besoins fondamentaux. Elles permettent le d\u00e9veloppement de l&rsquo;autonomie et\u00a0 l&rsquo;accession \u00e0 la socialisation.<\/p>\n<p><span style=\"color: #c16d66;\"><strong><span style=\"text-decoration: underline;\">Les activit\u00e9s d&rsquo;\u00e9veil<\/span><\/strong> :<\/span><\/p>\n<p>&#8211; <strong>les chansons rythm\u00e9es et mim\u00e9es, les comptines,\u00a0 la musique et la rythmique, les histoires\u00a0:<\/strong> ces activit\u00e9s accompagnent la s\u00e9curit\u00e9 affective et la mise en place de la socialisation. Elles sont \u00e9galement un support \u00e0 l\u2019\u00e9panouissement du langage. Nous\u00a0 accordons donc une importance particuli\u00e8re\u00a0 \u00e0 ces moments riches d\u00a0\u2018\u00e9changes.<\/p>\n<p>&#8211; La\u00a0<strong>motricit\u00e9<\/strong> est d\u00e9velopp\u00e9e par un mat\u00e9riel vari\u00e9 mis \u00e0 disposition des enfants.<\/p>\n<p>&#8211; Le d\u00e9veloppement psychomoteur fin est soutenu par la manipulation d&rsquo;un grand choix de <strong>jeux de construction<\/strong>, <strong>par la r\u00e9alisation d&rsquo;activit\u00e9s d&rsquo;expression graphique diverses<\/strong> (\u00e0 noter le stage culturel annuel anim\u00e9 par Delphine Remy artiste plasticienne en partenariat avec la Ville d&rsquo;Epinal)&#8230;.<\/p>\n<p>&#8211; La socialisation est encourag\u00e9e par le biais de toutes ces activit\u00e9s ainsi que par <strong>les jeux de soci\u00e9t\u00e9 <\/strong>mis en place. Elle trouve sa finalisation dans les jeux libres avec l&rsquo;acceptation des limites et le respect des autres.<\/p>\n<p>&#8211; Les <strong>sorties<\/strong> organis\u00e9es r\u00e9guli\u00e8rement viennent renforcer l&rsquo;autonomie, la socialisation et permettent \u00e0 l&rsquo;enfant de se tourner vers l&rsquo;avenir en\u00a0 confiance.<\/p>\n<p>&nbsp;<\/p>\n","protected":false},"excerpt":{"rendered":"<p>LE GESTIONNAIRE Pousse-Poussette est g\u00e9r\u00e9e par une Association de Loi 1901\u00a0 cr\u00e9\u00e9e en 1987.\u00a0Depuis cette date, l&rsquo;Association a sollicit\u00e9 et obtenu 4 fois, aupr\u00e8s de la DVIS, des changements d&rsquo;agr\u00e9ments afin de r\u00e9pondre au mieux \u00e0 l&rsquo;\u00e9volution des besoins des familles. Toujours soucieuse d&rsquo;\u00eatre en \u00e9change d&rsquo;informations pour le bien-\u00eatre des enfants et des familles,&#8230;<br \/><a class=\"more-link\" href=\"https:\/\/www.pousse-poussette.fr\/?page_id=107\">Continue reading &raquo;<\/a><\/p>\n","protected":false},"author":1,"featured_media":0,"parent":6,"menu_order":2,"comment_status":"closed","ping_status":"closed","template":"","meta":{"footnotes":""},"class_list":["post-107","page","type-page","status-publish","hentry"],"_links":{"self":[{"href":"https:\/\/www.pousse-poussette.fr\/index.php?rest_route=\/wp\/v2\/pages\/107","targetHints":{"allow":["GET"]}}],"collection":[{"href":"https:\/\/www.pousse-poussette.fr\/index.php?rest_route=\/wp\/v2\/pages"}],"about":[{"href":"https:\/\/www.pousse-poussette.fr\/index.php?rest_route=\/wp\/v2\/types\/page"}],"author":[{"embeddable":true,"href":"https:\/\/www.pousse-poussette.fr\/index.php?rest_route=\/wp\/v2\/users\/1"}],"replies":[{"embeddable":true,"href":"https:\/\/www.pousse-poussette.fr\/index.php?rest_route=%2Fwp%2Fv2%2Fcomments&post=107"}],"version-history":[{"count":27,"href":"https:\/\/www.pousse-poussette.fr\/index.php?rest_route=\/wp\/v2\/pages\/107\/revisions"}],"predecessor-version":[{"id":1612,"href":"https:\/\/www.pousse-poussette.fr\/index.php?rest_route=\/wp\/v2\/pages\/107\/revisions\/1612"}],"up":[{"embeddable":true,"href":"https:\/\/www.pousse-poussette.fr\/index.php?rest_route=\/wp\/v2\/pages\/6"}],"wp:attachment":[{"href":"https:\/\/www.pousse-poussette.fr\/index.php?rest_route=%2Fwp%2Fv2%2Fmedia&parent=107"}],"curies":[{"name":"wp","href":"https:\/\/api.w.org\/{rel}","templated":true}]}}